{"id":254,"date":"2024-11-06T11:13:10","date_gmt":"2024-11-06T10:13:10","guid":{"rendered":"https:\/\/leseditions.lacompagnieduchatbleu.fr\/?page_id=254"},"modified":"2026-03-23T17:53:02","modified_gmt":"2026-03-23T13:53:02","slug":"cercle-poetique-la-reunion","status":"publish","type":"page","link":"https:\/\/leseditions.lacompagnieduchatbleu.fr\/index.php\/cercle-poetique-la-reunion\/","title":{"rendered":"Cercle po\u00e9tique : La R\u00e9union"},"content":{"rendered":"\n<div style=\"background-image:url(&apos;https:\/\/leseditions.lacompagnieduchatbleu.fr\/wp-content\/uploads\/2024\/11\/volcano-7135720_1600px.jpg&apos;);background-size:cover;\" class=\"wp-block-group alignfull has-global-padding is-layout-constrained wp-block-group-is-layout-constrained has-background\">\n<div style=\"height:30px\" aria-hidden=\"true\" class=\"wp-block-spacer\"><\/div>\n\n\n\n<div class=\"wp-block-buttons alignwide is-layout-flex wp-block-buttons-is-layout-flex\">\n<div class=\"wp-block-button\"><a class=\"wp-block-button__link wp-element-button\" href=\"https:\/\/leseditions.lacompagnieduchatbleu.fr\/index.php\/cercle-poetique\/\">Retour<\/a><\/div>\n<\/div>\n\n\n\n<div class=\"wp-block-group has-background has-global-padding is-layout-constrained wp-container-core-group-is-layout-9597dc02 wp-block-group-is-layout-constrained\" style=\"background:linear-gradient(135deg,rgba(255,255,255,0.09) 0%,rgba(255,255,255,0.47) 100%);padding-top:var(--wp--preset--spacing--10);padding-right:var(--wp--preset--spacing--10);padding-bottom:var(--wp--preset--spacing--10);padding-left:var(--wp--preset--spacing--10)\">\n<p id=\"auteureValBro\">Val\u00e9rie BROCHET<\/p>\n\n\n\n<ul class=\"wp-block-list\">\n<li><em><a href=\"https:\/\/leseditions.lacompagnieduchatbleu.fr\/wp-content\/uploads\/2024\/11\/Cercle-poetique_Creer_Valerie-BROCHET.pdf\" data-type=\"attachment\" data-id=\"397\" target=\"_blank\" rel=\"noreferrer noopener\">Cr\u00e9er<\/a><\/em>, 2019<\/li>\n<\/ul>\n\n\n\n<div style=\"height:50px\" aria-hidden=\"true\" class=\"wp-block-spacer\"><\/div>\n\n\n\n<p id=\"auteurOCD\">Olivier COLLIN DUFRESNE<\/p>\n\n\n\n<ul class=\"wp-block-list\">\n<li><em><a href=\"https:\/\/leseditions.lacompagnieduchatbleu.fr\/wp-content\/uploads\/2024\/11\/Rubans.pdf\" data-type=\"attachment\" data-id=\"415\" target=\"_blank\" rel=\"noreferrer noopener\">Rubans<\/a><\/em>, 2013<\/li>\n\n\n\n<li><em><a href=\"https:\/\/leseditions.lacompagnieduchatbleu.fr\/wp-content\/uploads\/2024\/11\/Je-sais_28fevrier2014.pdf\" data-type=\"attachment\" data-id=\"405\" target=\"_blank\" rel=\"noreferrer noopener\">Je sais\u2026<\/a><\/em>, 2014<\/li>\n\n\n\n<li><em><a href=\"https:\/\/leseditions.lacompagnieduchatbleu.fr\/wp-content\/uploads\/2024\/11\/Petite-Fleur.pdf\" data-type=\"attachment\" data-id=\"413\" target=\"_blank\" rel=\"noreferrer noopener\">Petite fleur<\/a><\/em>, 2015<\/li>\n\n\n\n<li><em><a href=\"https:\/\/leseditions.lacompagnieduchatbleu.fr\/wp-content\/uploads\/2024\/11\/Les-verts-sagitent_26fevrier2015.pdf\" data-type=\"attachment\" data-id=\"406\" target=\"_blank\" rel=\"noreferrer noopener\">Les verts s&rsquo;agitent\u2026<\/a><\/em>, 2015<\/li>\n\n\n\n<li><em><a href=\"https:\/\/leseditions.lacompagnieduchatbleu.fr\/wp-content\/uploads\/2024\/11\/Poeme_10fevrier2016_version3.pdf\" data-type=\"attachment\" data-id=\"427\" target=\"_blank\" rel=\"noreferrer noopener\">Argent-gris<\/a><\/em>, 2016<\/li>\n\n\n\n<li><em><a href=\"https:\/\/leseditions.lacompagnieduchatbleu.fr\/wp-content\/uploads\/2024\/11\/Poeme_3decembre2017v3.pdf\" data-type=\"attachment\" data-id=\"426\" target=\"_blank\" rel=\"noreferrer noopener\">Coll\u00e9s de Bonheur<\/a><\/em>, 2017<\/li>\n<\/ul>\n\n\n\n<div style=\"height:50px\" aria-hidden=\"true\" class=\"wp-block-spacer\"><\/div>\n\n\n\n<p id=\"auteurSebFus\">S\u00e9bastien FUSARI<\/p>\n\n\n\n<ul class=\"wp-block-list\">\n<li><em><a href=\"https:\/\/leseditions.lacompagnieduchatbleu.fr\/wp-content\/uploads\/2024\/11\/Cercle-poetique_CALUMETS_Sebastien-FUSARI.pdf\" data-type=\"attachment\" data-id=\"396\" target=\"_blank\" rel=\"noreferrer noopener\">Calumets<\/a><\/em>, 2010<\/li>\n\n\n\n<li><em><a href=\"https:\/\/leseditions.lacompagnieduchatbleu.fr\/wp-content\/uploads\/2024\/11\/Cercle-poetique_AGAME_Sebastien-FUSARI.pdf\" data-type=\"attachment\" data-id=\"395\" target=\"_blank\" rel=\"noreferrer noopener\">Agame<\/a><\/em>, 2020<\/li>\n\n\n\n<li><em><a href=\"https:\/\/leseditions.lacompagnieduchatbleu.fr\/wp-content\/uploads\/2024\/11\/Cercle-poetique_Vents-des-Hauts_Sebastien-FUSARI.pdf\" data-type=\"attachment\" data-id=\"401\" target=\"_blank\" rel=\"noreferrer noopener\">Vent des Hauts<\/a><\/em>, 2023<\/li>\n\n\n\n<li><a href=\"https:\/\/leseditions.lacompagnieduchatbleu.fr\/wp-content\/uploads\/2025\/02\/Cercle-poetique_Agitation-IV-Belal_Sebastien-FUSARI.pdf\" target=\"_blank\" rel=\"noreferrer noopener\"><em>Agitation IV &#8211; Belal<\/em><\/a>, 2024<\/li>\n\n\n\n<li><a href=\"https:\/\/leseditions.lacompagnieduchatbleu.fr\/wp-content\/uploads\/2026\/03\/Cercle-poetique_Eruption-IV_Sebastien-FUSARI_20-03-2026.pdf\" target=\"_blank\" rel=\"noreferrer noopener\">\u00c9ruption IV<\/a>, 2026<\/li>\n<\/ul>\n\n\n\n<div style=\"height:50px\" aria-hidden=\"true\" class=\"wp-block-spacer\"><\/div>\n\n\n\n<p id=\"auteureMMJ\">Marie-Mirella JAUR\u00c8S<\/p>\n\n\n\n<ul class=\"wp-block-list\">\n<li><em><a href=\"https:\/\/leseditions.lacompagnieduchatbleu.fr\/wp-content\/uploads\/2024\/11\/Cercle-poetique_Libre_Marie-Mirella_JAURES.pdf\" data-type=\"attachment\" data-id=\"400\" target=\"_blank\" rel=\"noreferrer noopener\">Libre<\/a><\/em>, 2015<\/li>\n\n\n\n<li><em><a href=\"https:\/\/leseditions.lacompagnieduchatbleu.fr\/wp-content\/uploads\/2024\/11\/Cercle-poetique_En-route_Marie-Mirella_JAURES.pdf\" data-type=\"attachment\" data-id=\"399\" target=\"_blank\" rel=\"noreferrer noopener\">En route<\/a><\/em>, 2022<\/li>\n\n\n\n<li><em><a href=\"https:\/\/leseditions.lacompagnieduchatbleu.fr\/wp-content\/uploads\/2024\/11\/Cercle-poetique_Moulin-cafe-memere_Marie-Mirella_JAURES.pdf\" data-type=\"attachment\" data-id=\"428\" target=\"_blank\" rel=\"noreferrer noopener\">Moulin Caf\u00e9 m\u00e9m\u00e8re<\/a><\/em>, 2023<\/li>\n<\/ul>\n\n\n\n<div style=\"height:50px\" aria-hidden=\"true\" class=\"wp-block-spacer\"><\/div>\n\n\n\n<p id=\"auteurAdoMai\">Adolphe MAILLOT<\/p>\n\n\n\n<ul class=\"wp-block-list\">\n<li><em><a href=\"https:\/\/leseditions.lacompagnieduchatbleu.fr\/wp-content\/uploads\/2024\/11\/Adolphe-MAILLOT_Bishik-ek-pesher.pdf\" data-type=\"attachment\" data-id=\"393\" target=\"_blank\" rel=\"noreferrer noopener\">Bishik \u00e9 P\u00e9sh\u00e8r-la-Vouv<\/a><\/em>, 2022<\/li>\n\n\n\n<li><em><a href=\"https:\/\/leseditions.lacompagnieduchatbleu.fr\/wp-content\/uploads\/2024\/11\/Adolphe-MAILLOT_Tang-cite-beton.pdf\" data-type=\"attachment\" data-id=\"394\" target=\"_blank\" rel=\"noreferrer noopener\">Tang sit\u00e9-b\u00e9ton \u00e9 Tang\u00e8t-la-swa<\/a><\/em>, 2022<\/li>\n<\/ul>\n\n\n\n<div style=\"height:50px\" aria-hidden=\"true\" class=\"wp-block-spacer\"><\/div>\n\n\n\n<div class=\"wp-block-group has-global-padding is-layout-constrained wp-block-group-is-layout-constrained\">\n<p id=\"auteureCecMar\">C\u00e9cile MARTY<\/p>\n\n\n\n<ul class=\"wp-block-list\">\n<li><em><a href=\"https:\/\/leseditions.lacompagnieduchatbleu.fr\/wp-content\/uploads\/2025\/01\/Cercle-Poetique_Effacement_Cecile_MARTY.pdf\" target=\"_blank\" rel=\"noreferrer noopener\">Effacement<\/a><\/em>, 2025<\/li>\n\n\n\n<li><em><a href=\"https:\/\/leseditions.lacompagnieduchatbleu.fr\/wp-content\/uploads\/2025\/01\/Cercle-Poetique_Ligne-de-fuite_Cecile_MARTY.pdf\" target=\"_blank\" rel=\"noreferrer noopener\">Ligne de fuite<\/a><\/em>, 2025<\/li>\n\n\n\n<li><em><a href=\"https:\/\/leseditions.lacompagnieduchatbleu.fr\/wp-content\/uploads\/2025\/01\/Cercle-Poetique_Metamorphose_Cecile_MARTY.pdf\" target=\"_blank\" rel=\"noreferrer noopener\">M\u00e9tamorphose<\/a><\/em>, 2025<\/li>\n\n\n\n<li><em><a href=\"https:\/\/leseditions.lacompagnieduchatbleu.fr\/wp-content\/uploads\/2025\/01\/Cercle-Poetique_Respiration_Cecile_MARTY.pdf\" target=\"_blank\" rel=\"noreferrer noopener\">Respiration<\/a><\/em>, 2025<\/li>\n<\/ul>\n\n\n\n<div style=\"height:50px\" aria-hidden=\"true\" class=\"wp-block-spacer\"><\/div>\n\n\n\n<p id=\"auteureNanSan\">Nancy SANGUIN<\/p>\n\n\n\n<ul class=\"wp-block-list\">\n<li><em><a href=\"https:\/\/leseditions.lacompagnieduchatbleu.fr\/wp-content\/uploads\/2024\/11\/Nancy-SANGUIN_Noel.pdf\" data-type=\"attachment\" data-id=\"411\" target=\"_blank\" rel=\"noreferrer noopener\">No\u00ebl<\/a><\/em>, 2021<\/li>\n\n\n\n<li><em><a href=\"https:\/\/leseditions.lacompagnieduchatbleu.fr\/wp-content\/uploads\/2024\/11\/Nancy-SANGUIN_Batsirai.pdf\" data-type=\"attachment\" data-id=\"407\" target=\"_blank\" rel=\"noreferrer noopener\">Batsirai<\/a><\/em>, 2022<\/li>\n\n\n\n<li><em><a href=\"https:\/\/leseditions.lacompagnieduchatbleu.fr\/wp-content\/uploads\/2024\/11\/Nancy-SANGUIN_Momon.pdf\" data-type=\"attachment\" data-id=\"408\" target=\"_blank\" rel=\"noreferrer noopener\">Momon<\/a><\/em>, 2022<\/li>\n\n\n\n<li><em><a href=\"https:\/\/leseditions.lacompagnieduchatbleu.fr\/wp-content\/uploads\/2024\/11\/Nancy-SANGUIN_Moustik-i-fe-mal.pdf\" data-type=\"attachment\" data-id=\"410\" target=\"_blank\" rel=\"noreferrer noopener\">Moustik i f\u00e9 mal<\/a><\/em>, 2022<\/li>\n\n\n\n<li><em><a href=\"https:\/\/leseditions.lacompagnieduchatbleu.fr\/wp-content\/uploads\/2024\/11\/Nancy-SANGUIN_Saint-Leu-mon-amour.pdf\" data-type=\"attachment\" data-id=\"412\" target=\"_blank\" rel=\"noreferrer noopener\">Saint-Leu, mon amour<\/a><\/em>, 2022<\/li>\n<\/ul>\n\n\n\n<div style=\"height:50px\" aria-hidden=\"true\" class=\"wp-block-spacer\"><\/div>\n\n\n\n<p id=\"auteurCyrVig\">Cyrille VIGNE<\/p>\n\n\n\n<ul class=\"wp-block-list\">\n<li><em><a href=\"https:\/\/leseditions.lacompagnieduchatbleu.fr\/wp-content\/uploads\/2025\/01\/Cercle-Poetique_Les-interstices-brutaux_Cyrille-VIGNE.pdf\" target=\"_blank\" rel=\"noreferrer noopener\">Les interstices brutaux<\/a><\/em>, 2021<\/li>\n<\/ul>\n<\/div>\n<\/div>\n\n\n\n<div style=\"height:50px\" aria-hidden=\"true\" class=\"wp-block-spacer\"><\/div>\n<\/div>\n","protected":false},"excerpt":{"rendered":"<p>Val\u00e9rie BROCHET Olivier COLLIN DUFRESNE S\u00e9bastien FUSARI Marie-Mirella JAUR\u00c8S Adolphe MAILLOT C\u00e9cile MARTY Nancy SANGUIN Cyrille VIGNE<\/p>\n","protected":false},"author":1,"featured_media":0,"parent":0,"menu_order":0,"comment_status":"closed","ping_status":"closed","template":"","meta":{"pgc_sgb_lightbox_settings":"","_themeisle_gutenberg_block_has_review":false,"footnotes":""},"class_list":["post-254","page","type-page","status-publish","hentry"],"_links":{"self":[{"href":"https:\/\/leseditions.lacompagnieduchatbleu.fr\/index.php\/wp-json\/wp\/v2\/pages\/254","targetHints":{"allow":["GET"]}}],"collection":[{"href":"https:\/\/leseditions.lacompagnieduchatbleu.fr\/index.php\/wp-json\/wp\/v2\/pages"}],"about":[{"href":"https:\/\/leseditions.lacompagnieduchatbleu.fr\/index.php\/wp-json\/wp\/v2\/types\/page"}],"author":[{"embeddable":true,"href":"https:\/\/leseditions.lacompagnieduchatbleu.fr\/index.php\/wp-json\/wp\/v2\/users\/1"}],"replies":[{"embeddable":true,"href":"https:\/\/leseditions.lacompagnieduchatbleu.fr\/index.php\/wp-json\/wp\/v2\/comments?post=254"}],"version-history":[{"count":24,"href":"https:\/\/leseditions.lacompagnieduchatbleu.fr\/index.php\/wp-json\/wp\/v2\/pages\/254\/revisions"}],"predecessor-version":[{"id":1492,"href":"https:\/\/leseditions.lacompagnieduchatbleu.fr\/index.php\/wp-json\/wp\/v2\/pages\/254\/revisions\/1492"}],"wp:attachment":[{"href":"https:\/\/leseditions.lacompagnieduchatbleu.fr\/index.php\/wp-json\/wp\/v2\/media?parent=254"}],"curies":[{"name":"wp","href":"https:\/\/api.w.org\/{rel}","templated":true}]}}